{"id":7095,"date":"2024-01-18T17:44:19","date_gmt":"2024-01-18T20:44:19","guid":{"rendered":"https:\/\/casa.org.br\/?post_type=chamadas&#038;p=7095"},"modified":"2024-04-06T16:38:03","modified_gmt":"2024-04-06T19:38:03","slug":"resiliencia-climatica-e-equidade-de-genero-fortalecendo-comunidades-para-promocao-da-inclusao-e-diversidade","status":"publish","type":"chamadas","link":"https:\/\/casa.org.br\/en\/calls\/resiliencia-climatica-e-equidade-de-genero-fortalecendo-comunidades-para-promocao-da-inclusao-e-diversidade\/","title":{"rendered":"Resili\u00eancia Clim\u00e1tica e Equidade de G\u00eanero: Fortalecendo Comunidades para Promo\u00e7\u00e3o da Inclus\u00e3o e Diversidade"},"content":{"rendered":"<h2><img loading=\"lazy\" decoding=\"async\" src=\"https:\/\/casa.org.br\/wp-content\/uploads\/2024\/01\/1080x720-site-8.png\" alt=\"\" width=\"1081\" height=\"721\" class=\"aligncenter wp-image-7096 size-full\" srcset=\"https:\/\/casa.org.br\/wp-content\/uploads\/2024\/01\/1080x720-site-8.png 1081w, https:\/\/casa.org.br\/wp-content\/uploads\/2024\/01\/1080x720-site-8-650x434.png 650w, https:\/\/casa.org.br\/wp-content\/uploads\/2024\/01\/1080x720-site-8-1072x715.png 1072w, https:\/\/casa.org.br\/wp-content\/uploads\/2024\/01\/1080x720-site-8-768x512.png 768w\" sizes=\"(max-width: 1081px) 100vw, 1081px\" \/><\/h2>\n<p>&nbsp;<\/p>\n<p style=\"text-align: center;\"><strong><a href=\"https:\/\/casa.org.br\/projetos-selecionados-chamada-de-projetos-resiliencia-climatica-e-equidade-de-genero-fortalecendo-comunidades-para-promocao-da-inclusao-e-diversidade\/\"><span style=\"color: #f50c0c;\">CONFIRA A LISTA COM OS PROJETOS SELECIONADOS\u00a0<\/span><\/a><\/strong><\/p>\n<h2><span style=\"font-weight: 400;\">1 \u2013 Contexto<\/span><\/h2>\n<p><span style=\"font-weight: 400;\">As mudan\u00e7as clim\u00e1ticas representam uma amea\u00e7a cada vez mais urgente para as comunidades locais, pois \u00e0 medida que o clima global se transforma, os impactos locais tornam-se mais evidentes e afetam diretamente a vida das pessoas, em especial as que t\u00eam seu modo de vida intrinsecamente conectado com a natureza.<\/span><span style=\"font-weight: 400;\">\u00a0<\/span><\/p>\n<p><span style=\"font-weight: 400;\">Os eventos clim\u00e1ticos extremos, como enchentes, secas prolongadas, tempestades intensas e ondas de calor est\u00e3o se tornando mais frequentes e intensos, vimos isso no ano de 2023 e, de acordo com as proje\u00e7\u00f5es, essa situa\u00e7\u00e3o tende a se agravar. Essas mudan\u00e7as tem um impacto significativo nas comunidades locais, afetando a seguran\u00e7a alimentar, a disponibilidade de \u00e1gua, a sa\u00fade p\u00fablica e a infraestrutura local.<\/span><\/p>\n<p><span style=\"font-weight: 400;\">Al\u00e9m dos impactos f\u00edsicos, as mudan\u00e7as clim\u00e1ticas tamb\u00e9m exacerbam as desigualdades sociais. Comunidades de baixa renda muitas vezes sofrem de maneira diferenciada, enfrentando maiores dificuldades em se adaptar e se recuperar dos eventos clim\u00e1ticos extremos. Os impactos das mudan\u00e7as clim\u00e1ticas afetam desproporcionalmente os povos mais exclu\u00eddos e vulner\u00e1veis, especialmente mulheres, jovens, ind\u00edgenas, quilombolas e mulheres rurais.<\/span><\/p>\n<p><span style=\"font-weight: 400;\">Os impactos das mudan\u00e7as clim\u00e1ticas, no que se refere a g\u00eanero, s\u00e3o agravados por formas complexas de desigualdade que as mulheres exclu\u00eddas e vulner\u00e1veis j\u00e1 enfrentam devido \u00e0s formas intersetoriais de opress\u00e3o e \u00e0 viol\u00eancia a que est\u00e3o sujeitas. Essas formas de opress\u00e3o podem incluir, entre outras, aquelas exercidas com base no g\u00eanero, orienta\u00e7\u00e3o sexual, ra\u00e7a, classe, habilidade e localiza\u00e7\u00e3o geogr\u00e1fica, tais como urbano\/rural e hemisf\u00e9rio sul\/norte.<\/span><\/p>\n<p><span style=\"font-weight: 400;\">No entanto, as comunidades locais est\u00e3o demonstrando resili\u00eancia e capacidade de adapta\u00e7\u00e3o. Muitas est\u00e3o implementando pr\u00e1ticas sustent\u00e1veis baseadas em saberes tradicionais e saberes ancestrais, adotando fontes de energia renov\u00e1vel, promovendo a gest\u00e3o eficiente dos bens naturais, mantendo a floresta em p\u00e9 nos diversos biomas, desenvolvendo planos de adapta\u00e7\u00e3o, entre outras a\u00e7\u00f5es.<\/span><\/p>\n<p><span style=\"font-weight: 400;\">Esta chamada tem como objetivo apoiar comunidades locais e tradicionais para construir resili\u00eancia frente \u00e0s mudan\u00e7as do clima e ser\u00e3o priorizadas as iniciativas lideradas por mulheres, com vistas a fortalecer as vozes, lideran\u00e7a e resili\u00eancia das mulheres na linha de frente da a\u00e7\u00e3o clim\u00e1tica.<\/span><\/p>\n<p><span style=\"font-weight: 400;\">O Fundo Casa Socioambiental lan\u00e7a esta chamada com recurso da <\/span><a href=\"https:\/\/gaggaalliance.org\/\"><span style=\"font-weight: 400;\">Alian\u00e7a GAGGA (Global Alliance for Green and Gender Action)<\/span><\/a><span style=\"font-weight: 400;\"> e <\/span><a href=\"https:\/\/www.greengrants.org\/\"><span style=\"font-weight: 400;\">Global Greengrants Fund (GGF)<\/span><\/a><span style=\"font-weight: 400;\">.<\/span><\/p>\n<h2><span style=\"font-weight: 400;\">2 \u2013 Sobre o Fundo Casa e a Alian\u00e7a GAGGA<\/span><\/h2>\n<p>&nbsp;<\/p>\n<p><b>Esta chamada possui recursos da Alian\u00e7a GAGGA<\/b><\/p>\n<p><span style=\"font-weight: 400;\">A <\/span><a href=\"https:\/\/gaggaalliance.org\/\"><span style=\"font-weight: 400;\">Alian\u00e7a GAGGA (Global Alliance for Green and Gender Action)<\/span><\/a><span style=\"font-weight: 400;\"> \u00e9 uma iniciativa coletiva liderada pelas organiza\u00e7\u00f5es Fondo Centroamericano de Mujeres, Mama Cash e Both ENDS. A Alian\u00e7a atua em mais de 30 pa\u00edses do Sul Global, em parceria com fundos socioambientais, fundos de mulheres e organiza\u00e7\u00f5es locais que conhecem os territ\u00f3rios e os contextos que os atingem. O objetivo da GAGGA \u00e9 promover um mundo onde os direitos das mulheres \u00e0 \u00e1gua, seguran\u00e7a alimentar e um ambiente limpo, saud\u00e1vel e seguro sejam reconhecidos e respeitados.<\/span><\/p>\n<p><span style=\"font-weight: 400;\">Desde 2016 o Fundo Casa \u00e9 parte da Alian\u00e7a GAGGA e compartilha a miss\u00e3o de fortalecer e unificar as capacidades dos grupos e movimentos comunit\u00e1rios de direitos das mulheres e justi\u00e7a ambiental, para que tenham o apoio e as capacidades necess\u00e1rias para alcan\u00e7ar as agendas pol\u00edticas que definem como priorit\u00e1rias e para que seu trabalho esteja alinhado e baseado nos seus pontos fortes. Acreditamos que as organiza\u00e7\u00f5es de base comunit\u00e1ria lideradas por mulheres est\u00e3o em melhor posi\u00e7\u00e3o para propor solu\u00e7\u00f5es clim\u00e1ticas justas em rela\u00e7\u00e3o \u00e0 g\u00eanero e alternativas para os problemas que enfrentam porque conhecem o local, o idioma, a cultura e os desafios de seus territ\u00f3rios. No entanto, muitas vezes enfrentam acesso limitado a espa\u00e7os de financiamento e incid\u00eancia.<\/span><\/p>\n<h2><span style=\"font-weight: 400;\">3 \u2013 Chamada de Projetos<\/span><\/h2>\n<h3><span style=\"font-weight: 400;\">3.1 \u2013 Objetivo Geral<\/span><\/h3>\n<p><strong>Esta chamada tem como objetivo apoiar projetos que promovam a resili\u00eancia clim\u00e1tica bem como apoiar solu\u00e7\u00f5es clim\u00e1ticas inclusivas, sustent\u00e1veis e com enfoque em equidade de g\u00eanero.<\/strong><\/p>\n<h3><span style=\"font-weight: 400;\">3.2 \u2013 Linhas de Apoio<\/span><\/h3>\n<p><b>Os projetos inscritos devem estar enquadrados dentro de uma das seguintes linhas tem\u00e1ticas:<\/b><\/p>\n<ul>\n<li><b>Linha 1 \u2013 Fortalecimento Institucional <\/b><span style=\"font-weight: 400;\">\u2013 Fortalecer as capacidades internas e melhorar as condi\u00e7\u00f5es organizacionais; melhorar equipamentos e sistemas de gest\u00e3o para desenvolver e implementar suas estrat\u00e9gias de enfrentamento \u00e0s mudan\u00e7as clim\u00e1ticas e \u00e0 viol\u00eancia estrutural que organiza\u00e7\u00f5es de base comunit\u00e1ria, lideradas por mulheres, pessoas trans, intersex e n\u00e3o bin\u00e1rias vivenciam em resposta ao seu trabalho na defesa de sua terra, territ\u00f3rio e meio ambiente.<\/span><\/li>\n<li><b>Linha 2 \u2013 Incid\u00eancia<\/b><span style=\"font-weight: 400;\"> \u2013 Fortalecer o v\u00ednculo e a colabora\u00e7\u00e3o entre organiza\u00e7\u00f5es de base comunit\u00e1ria mistas, lideradas por mulheres, pessoas trans, intersex e n\u00e3o bin\u00e1rias e os movimentos clim\u00e1ticos e de justi\u00e7a ambiental e dos direitos das mulheres, em v\u00e1rios n\u00edveis (local, regional e\/ou nacional), para realizar agendas de incid\u00eancia de solu\u00e7\u00f5es para mitiga\u00e7\u00e3o e adapta\u00e7\u00e3o \u00e0s mudan\u00e7as clim\u00e1ticas.<\/span><\/li>\n<li><b>Linha 3 \u2013 Prote\u00e7\u00e3o de Florestas e Governan\u00e7a Territorial <\/b><span style=\"font-weight: 400;\">&#8211; Fortalecer a capacidade das comunidades na prote\u00e7\u00e3o de seus territ\u00f3rios e biomas. A\u00e7\u00f5es de gest\u00e3o e monitoramento; recupera\u00e7\u00e3o florestal; prote\u00e7\u00e3o de nascentes; fortalecimento da participa\u00e7\u00e3o social; valoriza\u00e7\u00e3o da participa\u00e7\u00e3o das comunidades na prote\u00e7\u00e3o e recupera\u00e7\u00e3o de florestas.<\/span><\/li>\n<li><b>Linha 4 \u2013 Solu\u00e7\u00f5es Clim\u00e1ticas Justas<\/b><span style=\"font-weight: 400;\"> &#8211; As Solu\u00e7\u00f5es Clim\u00e1ticas Justas s\u00e3o solu\u00e7\u00f5es constru\u00eddas com base em conhecimentos locais e ancestrais e\/ou incorporando m\u00e9todos e tecnologias novas e inovadoras adequadas, que centram a lideran\u00e7a, a sustentabilidade e a resili\u00eancia em benef\u00edcio das comunidades atingidas desproporcionalmente pelos efeitos das mudan\u00e7as clim\u00e1ticas. Alguns exemplos: incentivo \u00e0s energias renov\u00e1veis, novos servi\u00e7os de mobilidade, modelos agroalimentares mais sustent\u00e1veis e resilientes, agroecologia\/seguran\u00e7a alimentar, restaura\u00e7\u00e3o, entre outros.<\/span><\/li>\n<\/ul>\n<h3><span style=\"font-weight: 400;\">3.3 \u2013 Crit\u00e9rios de Elegibilidade<\/span><\/h3>\n<p><strong>S\u00e3o consideradas eleg\u00edveis para esta chamada de projetos:<\/strong><\/p>\n<ul>\n<li style=\"font-weight: 400;\" aria-level=\"1\"><span style=\"font-weight: 400;\"><strong>Organiza\u00e7\u00f5es sem fins lucrativos do Brasil, legalmente constitu\u00eddas<\/strong>, que representem comunidades locais ou tradicionais, rurais ou urbanas, que desenvolvam atividades de baixo impacto ao meio ambiente. Exemplo de comunidades locais e tradicionais: Povos ind\u00edgenas, quilombolas, ribeirinhos, pescadores e pescadoras artesanais, marisqueiras, quebradeiras de coco, povos ciganos, cai\u00e7aras, extrativistas, comunidade de fundo e fecho de pasto, comunidades perif\u00e9ricas urbanas, coletivos ativistas locais, entre outros;<\/span><\/li>\n<li style=\"font-weight: 400;\" aria-level=\"1\"><span style=\"font-weight: 400;\">Organiza\u00e7\u00f5es com <strong>or\u00e7amento institucional de at\u00e9 R$ 300.000,00 no ano de 2023<\/strong>;<\/span><\/li>\n<li style=\"font-weight: 400;\" aria-level=\"1\"><span style=\"font-weight: 400;\">Organiza\u00e7\u00f5es com a <strong>documenta\u00e7\u00e3o institucional em dia<\/strong> e enviada juntamente com o formul\u00e1rio narrativo e o or\u00e7amento do projeto;<\/span><\/li>\n<li style=\"font-weight: 400;\" aria-level=\"1\"><span style=\"font-weight: 400;\">Organiza\u00e7\u00f5es que n\u00e3o possuam CNPJ tamb\u00e9m s\u00e3o eleg\u00edveis e podem apresentar projetos nesta Chamada por meio de uma <strong>organiza\u00e7\u00e3o parceira<\/strong>. Veja as orienta\u00e7\u00f5es sobre organiza\u00e7\u00e3o parceira no Formul\u00e1rio de Inscri\u00e7\u00e3o e nas d\u00favidas frequentes no item 10 desta chamada de projetos.<\/span><\/li>\n<\/ul>\n<h3><span style=\"font-weight: 400;\">3.4 \u2013 Crit\u00e9rios de Prioridade<\/span><\/h3>\n<ul>\n<li style=\"font-weight: 400;\" aria-level=\"1\"><span style=\"font-weight: 400;\">Ser\u00e3o selecionados, prioritariamente, <strong>projetos de organiza\u00e7\u00f5es que n\u00e3o tenham outros projetos em execu\u00e7\u00e3o com o Fundo Casa<\/strong>;<\/span><\/li>\n<li style=\"font-weight: 400;\" aria-level=\"1\"><span style=\"font-weight: 400;\"><strong>G\u00eanero e Diversidade<\/strong> &#8211; Organiza\u00e7\u00f5es lideradas por mulheres, bem como projetos liderados por mulheres e que tenham fortemente o componente de g\u00eanero em suas a\u00e7\u00f5es.\u00a0<\/span><\/li>\n<li style=\"font-weight: 400;\" aria-level=\"1\"><span style=\"font-weight: 400;\">Projetos de organiza\u00e7\u00f5es que contemplem a <strong>efetiva participa\u00e7\u00e3o das mulheres<\/strong>, tanto na execu\u00e7\u00e3o das atividades do projeto quanto na composi\u00e7\u00e3o em cargos de tomadas de decis\u00e3o nas organiza\u00e7\u00f5es; aten\u00e7\u00e3o para o direito ao autocuidado das mulheres l\u00edderes;\u00a0<\/span><\/li>\n<li style=\"font-weight: 400;\" aria-level=\"1\"><span style=\"font-weight: 400;\">Projetos apresentados por <strong>comunidades tradicionais;<\/strong><\/span><\/li>\n<li aria-level=\"1\">Projetos apresentados por <strong>comunidades perif\u00e9ricas urbanas, coletivos ativistas locais<\/strong>, entre outros;<\/li>\n<li style=\"font-weight: 400;\" aria-level=\"1\"><span style=\"font-weight: 400;\">Organiza\u00e7\u00f5es e <strong>redes que trabalham em parceria para enfrentar os impactos clim\u00e1ticos<\/strong>, socioecon\u00f4micos e ambientais do desmatamento, da minera\u00e7\u00e3o e do agroneg\u00f3cio em comunidades e grupos vulner\u00e1veis;<\/span><\/li>\n<li style=\"font-weight: 400;\" aria-level=\"1\"><span style=\"font-weight: 400;\"><strong>Organiza\u00e7\u00f5es estrat\u00e9gicas nos territ\u00f3rios<\/strong>, que integram redes de apoio \u00e0s Defensoras do Meio Ambiente.<\/span><\/li>\n<\/ul>\n<h3><span style=\"font-weight: 400;\">\u00a03.5 \u2013 Prazos, Valores e Abrang\u00eancia<\/span><\/h3>\n<ul>\n<li style=\"font-weight: 400;\" aria-level=\"1\"><span style=\"font-weight: 400;\"><strong>Per\u00edodo de recebimento de propostas:<\/strong> De 19\/01 a 19\/02\/2024.<\/span><\/li>\n<li style=\"font-weight: 400;\" aria-level=\"1\"><span style=\"font-weight: 400;\"><strong>Per\u00edodo de avalia\u00e7\u00e3o das propostas recebidas:<\/strong> De 19\/02\/2024 a 29\/03\/2024.<\/span><\/li>\n<li style=\"font-weight: 400;\" aria-level=\"1\"><span style=\"font-weight: 400;\"><strong>Divulga\u00e7\u00e3o dos resultados:<\/strong> 05\/04\/2024, por e-mail enviado aos grupos selecionados.<\/span><\/li>\n<li style=\"font-weight: 400;\" aria-level=\"1\"><span style=\"font-weight: 400;\"><strong>Per\u00edodo de contrata\u00e7\u00e3o:<\/strong> De 10\/04 a 10\/05\/2023.<\/span><\/li>\n<li style=\"font-weight: 400;\" aria-level=\"1\"><span style=\"font-weight: 400;\"><strong>Per\u00edodo de execu\u00e7\u00e3o dos projetos selecionados:<\/strong> De\u00a0 maio de 2024 a maio de 2025 (at\u00e9 12 meses).<\/span><\/li>\n<li style=\"font-weight: 400;\" aria-level=\"1\"><span style=\"font-weight: 400;\"><strong>Entrega do relat\u00f3rio final e presta\u00e7\u00e3o de contas:<\/strong> At\u00e9 30\/06\/2025.<\/span><\/li>\n<li style=\"font-weight: 400;\" aria-level=\"1\"><span style=\"font-weight: 400;\"><strong>Valor da chamada de projetos:<\/strong> Total dispon\u00edvel R$1.3 milh\u00e3o.<\/span><\/li>\n<li style=\"font-weight: 400;\" aria-level=\"1\"><strong>Ser\u00e3o apoiados at\u00e9 26 projetos no valor de at\u00e9 R$50.000,00 cada.<\/strong><\/li>\n<li style=\"font-weight: 400;\" aria-level=\"1\"><span style=\"font-weight: 400;\"><strong>Abrang\u00eancia:<\/strong> Todo o territ\u00f3rio nacional brasileiro.<\/span><\/li>\n<\/ul>\n<h3><span style=\"font-weight: 400;\">3.6 \u2013 Documenta\u00e7\u00e3o necess\u00e1ria<\/span><\/h3>\n<ul>\n<li style=\"font-weight: 400;\" aria-level=\"1\"><strong>\u00daltima ata de elei\u00e7\u00e3o vigente da organiza\u00e7\u00e3o;<\/strong><\/li>\n<li style=\"font-weight: 400;\" aria-level=\"1\"><strong>Estatuto da organiza\u00e7\u00e3o;<\/strong><\/li>\n<li style=\"font-weight: 400;\" aria-level=\"1\"><strong>CNPJ;<\/strong><\/li>\n<li style=\"font-weight: 400;\" aria-level=\"1\"><strong>Certid\u00e3o Negativa de D\u00e9bitos do FGTS;<\/strong><\/li>\n<li style=\"font-weight: 400;\" aria-level=\"1\"><strong>Certid\u00e3o Negativa de D\u00e9bitos da Receita Federal;<\/strong><\/li>\n<li style=\"font-weight: 400;\" aria-level=\"1\"><strong>C\u00f3pia do Extrato Banc\u00e1rio com os dados da conta banc\u00e1ria.<\/strong><\/li>\n<\/ul>\n<p><b>Aten\u00e7\u00e3o: <\/b><span style=\"font-weight: 400;\">A documenta\u00e7\u00e3o deve ser enviada no momento de inscri\u00e7\u00e3o da proposta, anexada no sistema digital de inscri\u00e7\u00e3o de projetos ou enviada juntamente com o formul\u00e1rio de projetos.\u00a0<\/span><\/p>\n<h3><span style=\"font-weight: 400;\">3.7 \u2013 Impostos e outros\u00a0<\/span><\/h3>\n<p><span style=\"font-weight: 400;\">Organiza\u00e7\u00f5es, grupos e coletivos selecionados s\u00e3o respons\u00e1veis pelo pagamento de todos os tributos obrigat\u00f3rios \u2013 quer seja ITCMD (Imposto sobre Transmiss\u00e3o Causa Mortis e Doa\u00e7\u00e3o de Quaisquer Bens ou Direitos) e\/ou outros impostos obrigat\u00f3rios.<\/span><\/p>\n<h2><span style=\"font-weight: 400;\">4 \u2013 Oficinas de Fortalecimento de Capacidades<\/span><\/h2>\n<p><span style=\"font-weight: 400;\">Todos os grupos selecionados dever\u00e3o participar das <strong>Oficinas de Fortalecimento de Capacidades<\/strong> (virtual, pela plataforma Zoom) em datas que ser\u00e3o previamente informadas pelo Fundo Casa.<\/span><\/p>\n<h2><span style=\"font-weight: 400;\">5 \u2013 Como enviar sua proposta <\/span><\/h2>\n<p><span style=\"font-weight: 400;\">Os projetos devera\u0303o ser enviados <\/span><b>preferencialmente pelo sistema digital de inscri\u00e7\u00e3o de projetos do Fundo Casa (CasaDigital)<\/b><span style=\"font-weight: 400;\">, e em segunda opc\u0327a\u0303o, via formula\u0301rio Word.<\/span> <span style=\"font-weight: 400;\">Ser\u00e3o consideradas v\u00e1lidas apenas inscri\u00e7\u00f5es realizadas dentro do prazo definido (item 3.5).\u00a0\u00a0<\/span><\/p>\n<h3><span style=\"font-weight: 400;\">5.1 &#8211; Op\u00e7\u00e3o de inscri\u00e7\u00e3o via CasaDigital<\/span><\/h3>\n<p><b>Aten\u00e7\u00e3o: <\/b><strong>O envio de projetos via CasaDigital \u00e9 exclusivo para organiza\u00e7\u00f5es que <\/strong><b>j\u00e1 possuem CNPJ<\/b><span style=\"font-weight: 400;\">. Caso sua organiza\u00e7\u00e3o ainda n\u00e3o tenha CNPJ e necessite de organiza\u00e7\u00e3o parceira, ser\u00e1 necess\u00e1rio inscrever o projeto via formul\u00e1rio Word.<\/span><\/p>\n<p><a href=\"https:\/\/bd.casa.org.br\/CadastroProjetoCompleto\/Create\"><b>Clique aqui para acessar o sistema digital de inscri\u00e7\u00e3o de projetos do Fundo Casa (CasaDigital).<\/b><\/a> <span style=\"font-weight: 400;\">Certifique-se de preencher todos os campos solicitados e salvar o seu projeto ap\u00f3s as edi\u00e7\u00f5es.\u00a0<\/span><\/p>\n<h3><span style=\"font-weight: 400;\">5.2 &#8211; Op\u00e7\u00e3o de inscri\u00e7\u00e3o via formul\u00e1rio Word<\/span><\/h3>\n<p><b>Para envio via formul\u00e1rio Word: <\/b><span style=\"font-weight: 400;\">Os projetos devem seguir o formul\u00e1rio de inscri\u00e7\u00e3o do Fundo Casa, dispon\u00edvel abaixo em formato Word e na planilha or\u00e7ament\u00e1ria em Excel e devem ser enviados para<\/span><b> o e-mail: <a href=\"mailto:chamada0224@casa.org.br\">chamada0224@casa.org.br<\/a>.\u00a0<\/b><\/p>\n<p><span style=\"font-weight: 400;\">Clique para baixar os arquivos:<\/span><\/p>\n<p><a href=\"https:\/\/casa.org.br\/wp-content\/uploads\/2024\/01\/resiliencia-climatica-equidade-genero.docx\"><strong>Anexo 1 \u2013 Formul\u00e1rio de Inscri\u00e7\u00e3o Word<\/strong><\/a><\/p>\n<p><a href=\"https:\/\/casa.org.br\/wp-content\/uploads\/2023\/12\/anexo-2-planilha-orcamentaria.xlsx\"><strong>Anexo 2 \u2013 Planilha Or\u00e7ament\u00e1ria Excel<\/strong><\/a><\/p>\n<p><b>Guia para preenchimento do formul\u00e1rio:<\/b><span style=\"font-weight: 400;\"> O Fundo Casa desenvolveu um guia para auxiliar a inscri\u00e7\u00e3o de projetos via formul\u00e1rio Word, <\/span><a href=\"https:\/\/casa.org.br\/wp-content\/uploads\/2022\/06\/guia-apoiado.pdf\"><span style=\"font-weight: 400;\">clique aqui para acessar o guia e acompanhe o passo a passo para inscrever o seu projeto!<\/span><\/a><\/p>\n<h3><span style=\"font-weight: 400;\">5.3 &#8211; Contrapartidas<\/span><\/h3>\n<p><span style=\"font-weight: 400;\">Pedimos que quando houver contrapartida, estas sejam apresentadas na planilha or\u00e7ament\u00e1ria, mesmo que seja em bens e servi\u00e7os.<\/span><\/p>\n<h3><span style=\"font-weight: 400;\">5.4 &#8211; Oficina para tirar d\u00favidas<\/span><\/h3>\n<p><span style=\"font-weight: 400;\">No dia <\/span><b>08\/02\/2024, \u00e0s 15h (hor\u00e1rio de Bras\u00edlia)<\/b><span style=\"font-weight: 400;\"> teremos uma oficina para sanar todas as d\u00favidas. <\/span><a href=\"https:\/\/us06web.zoom.us\/meeting\/register\/tZMucOGrrjotGdVF6ZazPJ8qkLhuPAR4XHoS\"><span style=\"font-weight: 400;\">Clique aqui e inscreva-se para participar da oficina.\u00a0<\/span><\/a><\/p>\n<p><b>Se ainda houver d\u00favidas, envie e-mail para <\/b><a href=\"mailto:chamada0224@casa.org.br\"><b>chamada0224@casa.org.br<\/b><\/a><b>\u00a0\u00a0<\/b><\/p>\n<h2><span style=\"font-weight: 400;\">6 \u2013 Declara\u00e7\u00f5es<\/span><\/h2>\n<p><b>Se o seu projeto se enquadrar em uma dessas situa\u00e7\u00f5es dever\u00e1 enviar as declara\u00e7\u00f5es conforme os modelos:<\/b><\/p>\n<h3><span style=\"font-weight: 400;\">6.1 &#8211; Declara\u00e7\u00e3o da Comunidade sobre Execu\u00e7\u00e3o de Projeto em seu Territ\u00f3rio<\/span><\/h3>\n<p><span style=\"font-weight: 400;\">Caso a organiza\u00e7\u00e3o proponente n\u00e3o seja do territ\u00f3rio, ser\u00e1 necess\u00e1rio que a comunidade local assine a <strong>declara\u00e7\u00e3o autorizando a execu\u00e7\u00e3o do projeto em seu territ\u00f3rio<\/strong>. A declara\u00e7\u00e3o deve ser assinada por lideran\u00e7as comunit\u00e1rias e anexada na inscri\u00e7\u00e3o do projeto.<\/span><\/p>\n<p><a href=\"https:\/\/casa.org.br\/wp-content\/uploads\/2022\/06\/declaracao-comunidade.docx\"><b>\u2013 Declara\u00e7\u00e3o da Comunidade sobre Execu\u00e7\u00e3o de Projeto em seu Territ\u00f3rio \u2013 Caso a organiza\u00e7\u00e3o proponente n\u00e3o seja do territ\u00f3rio (Clique aqui para baixar o documento).<\/b><\/a><\/p>\n<h3><span style=\"font-weight: 400;\">6.2 &#8211; Declara\u00e7\u00e3o para projetos que necessitam de organiza\u00e7\u00e3o parceira<\/span><\/h3>\n<p><span style=\"font-weight: 400;\">Organiza\u00e7\u00f5es que n\u00e3o possuem CNPJ podem inscrever projetos nesta chamada de projetos com apoio de uma organiza\u00e7\u00e3o parceira, que cede seu CNPJ e conta banc\u00e1ria para o recebimento do recurso. Neste caso, representantes da organiza\u00e7\u00e3o proponente e parceira devem assinar e enviar a declara\u00e7\u00e3o abaixo.<\/span><\/p>\n<p><a href=\"https:\/\/casa.org.br\/wp-content\/uploads\/2023\/08\/declaracao-organizacao-parceira.docx\"><b>\u2013 Declara\u00e7\u00e3o de projetos que t\u00eam parceiro \u2013 Quando a organiza\u00e7\u00e3o proponente n\u00e3o tiver personalidade jur\u00eddica (Clique aqui para baixar o documento).<\/b><\/a><\/p>\n<p><b>OBS:<\/b><span style=\"font-weight: 400;\"> Para saber quais as atribui\u00e7\u00f5es da organiza\u00e7\u00e3o parceira, consulte as d\u00favidas frequentes no final desta p\u00e1gina.\u00a0<\/span><\/p>\n<h2><span style=\"font-weight: 400;\">7 \u2013 Pol\u00edtica de Conduta e Prote\u00e7\u00e3o do Fundo Casa<\/span><\/h2>\n<p><span style=\"font-weight: 400;\">Todas as organiza\u00e7\u00f5es que submeterem projetos dever\u00e3o estar cientes que, caso sejam selecionadas para receber o apoio do Fundo Casa dever\u00e3o estar de acordo e assumir o compromisso de respeitar a <strong>Pol\u00edtica de Conduta e Prote\u00e7\u00e3o do Fundo Casa<\/strong>, <\/span><a href=\"https:\/\/casa.org.br\/wp-content\/uploads\/2022\/02\/politica-conduta-protecao-fundo-casa.pdf\"><span style=\"font-weight: 400;\">dispon\u00edvel aqui<\/span><\/a><span style=\"font-weight: 400;\">.<\/span><\/p>\n<h2><span style=\"font-weight: 400;\">8 \u2013 Como elaborar um projeto<\/span><\/h2>\n<p><span style=\"font-weight: 400;\">\u201cComo elaborar um projeto\u201d \u00e9 o primeiro epis\u00f3dio da s\u00e9rie <strong>Fortalecimento de Capacidades<\/strong>, criada pelo Fundo Casa em parceria com a SER. Entenda quais s\u00e3o os elementos que comp\u00f5em um projeto e quais s\u00e3o as etapas de desenvolvimento, desde o planejamento at\u00e9 a presta\u00e7\u00e3o de contas. N\u00e3o deixe tamb\u00e9m de consultar as d\u00favidas frequentes abaixo, a sua d\u00favida pode estar l\u00e1!<\/span><\/p>\n<div class=\"embed-wrap fitvidz\"><iframe loading=\"lazy\" title=\"[Epis\u00f3dio 1] Como elaborar um projeto\" width=\"500\" height=\"281\" src=\"https:\/\/www.youtube.com\/embed\/JIpgn6WO5dM?list=PL2DaoOsJtlWXS4ZdwVplwgbchKkKL1Ej_\" frameborder=\"0\" allow=\"accelerometer; autoplay; clipboard-write; encrypted-media; gyroscope; picture-in-picture; web-share\" referrerpolicy=\"strict-origin-when-cross-origin\" allowfullscreen><\/iframe><\/div>\n<h2><span style=\"font-weight: 400;\">9 \u2013 Apoiadores dessa Chamada<\/span><\/h2>\n<p><span style=\"font-weight: 400;\">Esta chamada conta com recursos da <strong>Alian\u00e7a GAGGA (Global Alliance for Green and Gender Action) e Global Greengrants Fund (GGF).<\/strong><\/span><\/p>\n<h2><span style=\"font-weight: 400;\">10 \u2013 D\u00favidas frequentes<\/span><\/h2>\n<p><b>1) Posso transferir o recurso da conta da Organiza\u00e7\u00e3o para uma outra conta? Posso sacar todo o recurso da conta da Organiza\u00e7\u00e3o e ficar com o valor em esp\u00e9cie?<\/b><\/p>\n<p><span style=\"font-weight: 400;\">N\u00e3o, em hip\u00f3tese alguma o recurso pode sair da conta da organiza\u00e7\u00e3o proponente ou organiza\u00e7\u00e3o parceira para conta de terceiros (isso inclui presidente, vice-presidente e integrantes da organiza\u00e7\u00e3o), e nem ser sacado integralmente. S\u00f3 poder\u00e1 ser transferido para pagamento de despesas previstas no projeto, em uma rela\u00e7\u00e3o direta saindo da conta da organiza\u00e7\u00e3o para a conta do fornecedor ou prestador de servi\u00e7os, comprovado mediante nota fiscal ou recibo (a depender do valor).<\/span><\/p>\n<p><b>2) O que \u00e9 Organiza\u00e7\u00e3o Parceira?\u00a0<\/b><\/p>\n<p><span style=\"font-weight: 400;\">Organiza\u00e7\u00e3o Parceira \u00e9 a institui\u00e7\u00e3o SEM FINS LUCRATIVOS que cede sua estrutura legal para os grupos e movimentos n\u00e3o formalizados, aqueles que n\u00e3o possuem personalidade jur\u00eddica. O projeto e as informa\u00e7\u00f5es da proposta devem ser em nome do grupo proponente. A Organiza\u00e7\u00e3o Parceira enviar\u00e1 os documentos para contrata\u00e7\u00e3o do projeto, assim como ser\u00e1 respons\u00e1vel pelo recebimento do recurso (em conta banc\u00e1ria institucional) e presta\u00e7\u00e3o de contas. Dessa maneira, o item do formul\u00e1rio \u201cOrganiza\u00e7\u00e3o Parceira\u201d s\u00f3 deve ser preenchido nos casos em que a organiza\u00e7\u00e3o proponente n\u00e3o possua CNPJ. A organiza\u00e7\u00e3o parceira \u00e9 a respons\u00e1vel legal pelo projeto junto ao Fundo Casa.\u00a0<\/span><\/p>\n<p><b>3) Somos a organiza\u00e7\u00e3o proponente, temos CNPJ, mas est\u00e1 irregular. Podemos enviar proposta para esta Chamada, com organiza\u00e7\u00e3o parceira?<\/b><\/p>\n<p><span style=\"font-weight: 400;\">Sim, sugerimos que conte com uma organiza\u00e7\u00e3o que j\u00e1 seja parceira de sua organiza\u00e7\u00e3o para ser parceira do seu projeto, e cogite a regulariza\u00e7\u00e3o institucional, usando at\u00e9 10% do valor total do or\u00e7amento do projeto para a regulariza\u00e7\u00e3o. Tamb\u00e9m recomendamos sempre verificar a situa\u00e7\u00e3o da conta banc\u00e1ria, que dever\u00e1 estar ativa\/regular.\u00a0<\/span><\/p>\n<p><span style=\"font-weight: 400;\">Caso o CNPJ da organiza\u00e7\u00e3o proponente esteja ativo e sem irregularidades, a mesma dever\u00e1 indicar informa\u00e7\u00f5es e uma conta banc\u00e1ria institucional pr\u00f3pria.<\/span><\/p>\n<p><b>4) Envio de documentos \u2013 Os documentos enviados podem ser apenas c\u00f3pias digitais?<\/b><\/p>\n<p><span style=\"font-weight: 400;\">Sim, os documentos solicitados devem ser c\u00f3pias digitais.<\/span><\/p>\n<p><b>5) Organiza\u00e7\u00f5es com projetos em execu\u00e7\u00e3o no Fundo Casa podem encaminhar propostas para esta chamada?<\/b><\/p>\n<p><span style=\"font-weight: 400;\">Preferencialmente, n\u00e3o. Ser\u00e3o selecionados, prioritariamente, projetos de organiza\u00e7\u00f5es que n\u00e3o tenham projetos em andamento com o Fundo Casa.<\/span><\/p>\n<p><b>6) \u00c9 preciso uma conta banc\u00e1ria jur\u00eddica para receber o recurso?<\/b><\/p>\n<p><span style=\"font-weight: 400;\">Sim, \u00e9 necess\u00e1ria uma conta banc\u00e1ria de pessoa jur\u00eddica para receber os recursos do projeto. A conta banc\u00e1ria deve estar no nome da organiza\u00e7\u00e3o com o CNPJ que ir\u00e1 receber a doa\u00e7\u00e3o. Contas pessoais n\u00e3o ser\u00e3o aceitas. Se a organiza\u00e7\u00e3o n\u00e3o tem personalidade jur\u00eddica, as informa\u00e7\u00f5es banc\u00e1rias apresentadas podem ser as da Organiza\u00e7\u00e3o Parceira (a organiza\u00e7\u00e3o que receber\u00e1 os recursos e ser\u00e1 a respons\u00e1vel legal pelo projeto).<\/span><\/p>\n<p><b>7) O grupo est\u00e1 regularizando a documenta\u00e7\u00e3o. Pode enviar depois da sele\u00e7\u00e3o?\u00a0<\/b><\/p>\n<p><span style=\"font-weight: 400;\">O ideal \u00e9 enviar toda a documenta\u00e7\u00e3o junto com seu projeto, isso facilita e agiliza a an\u00e1lise do projeto.\u00a0<\/span><\/p>\n<p><b>8) Poder\u00e1 participar desta chamada o grupo que tem pend\u00eancias em presta\u00e7\u00e3o de contas com o Fundo Casa?<\/b><\/p>\n<p><span style=\"font-weight: 400;\">Grupos com pend\u00eancia em presta\u00e7\u00e3o de contas n\u00e3o ser\u00e3o aceitos nesta chamada de projetos.\u00a0<\/span><\/p>\n<p><b>9) Uma mesma Organiza\u00e7\u00e3o Parceira poder\u00e1 ser parceira de at\u00e9 quantas organiza\u00e7\u00f5es proponentes?<\/b><\/p>\n<p><span style=\"font-weight: 400;\">Poder\u00e1 ser parceira de at\u00e9 duas organiza\u00e7\u00f5es proponentes.<\/span><\/p>\n<p><b>10) Na planilha or\u00e7ament\u00e1ria quais despesas ser\u00e3o custeadas, existe algum modelo?\u00a0<\/b><\/p>\n<p><span style=\"font-weight: 400;\">A sele\u00e7\u00e3o dos tipos de despesas \u00e9 feita pela organiza\u00e7\u00e3o proponente, devendo estar alinhada com os crit\u00e9rios da Linha Tem\u00e1tica que o grupo escolher atuar. \u00c9 parte da coer\u00eancia na apresenta\u00e7\u00e3o da proposta a rela\u00e7\u00e3o entre objetivos espec\u00edficos \/ atividades \/ custos.<\/span><\/p>\n<p><b>11) Uma organiza\u00e7\u00e3o com CNPJ pr\u00f3prio, que inscreve um projeto poder\u00e1 servir de Organiza\u00e7\u00e3o Parceira para outro grupo sem CNPJ?\u00a0<\/b><\/p>\n<p><span style=\"font-weight: 400;\">Sim. Uma mesma organiza\u00e7\u00e3o poder\u00e1 ser proponente de um (1) projeto pr\u00f3prio e Parceira para at\u00e9 um (1) outro grupo sem Pessoa Jur\u00eddica.<\/span><\/p>\n<p><br style=\"font-weight: 400;\" \/><br style=\"font-weight: 400;\" \/><\/p>\n","protected":false},"featured_media":7096,"template":"","class_list":["post-7095","chamadas","type-chamadas","status-publish","has-post-thumbnail","hentry"],"acf":[],"yoast_head":"<!-- This site is optimized with the Yoast SEO plugin v27.4 - https:\/\/yoast.com\/product\/yoast-seo-wordpress\/ -->\n<title>Resili\u00eancia Clim\u00e1tica e Equidade de G\u00eanero: Fortalecendo Comunidades para Promo\u00e7\u00e3o da Inclus\u00e3o e Diversidade - Fundo Casa Socioambiental<\/title>\n<meta name=\"robots\" content=\"index, follow, max-snippet:-1, max-image-preview:large, max-video-preview:-1\" \/>\n<link rel=\"canonical\" href=\"https:\/\/casa.org.br\/en\/calls\/resiliencia-climatica-e-equidade-de-genero-fortalecendo-comunidades-para-promocao-da-inclusao-e-diversidade\/\" \/>\n<meta property=\"og:locale\" content=\"en_US\" \/>\n<meta property=\"og:type\" content=\"article\" \/>\n<meta property=\"og:title\" content=\"Resili\u00eancia Clim\u00e1tica e Equidade de G\u00eanero: Fortalecendo Comunidades para Promo\u00e7\u00e3o da Inclus\u00e3o e Diversidade - Fundo Casa Socioambiental\" \/>\n<meta property=\"og:description\" content=\"&nbsp; CONFIRA A LISTA COM OS PROJETOS SELECIONADOS\u00a0 1 \u2013 Contexto As mudan\u00e7as clim\u00e1ticas representam uma amea\u00e7a cada vez mais...\" \/>\n<meta property=\"og:url\" content=\"https:\/\/casa.org.br\/en\/calls\/resiliencia-climatica-e-equidade-de-genero-fortalecendo-comunidades-para-promocao-da-inclusao-e-diversidade\/\" \/>\n<meta property=\"og:site_name\" content=\"Fundo Casa Socioambiental\" \/>\n<meta property=\"article:modified_time\" content=\"2024-04-06T19:38:03+00:00\" \/>\n<meta property=\"og:image\" content=\"https:\/\/casa.org.br\/wp-content\/uploads\/2024\/01\/1080x720-site-8.png\" \/>\n\t<meta property=\"og:image:width\" content=\"1081\" \/>\n\t<meta property=\"og:image:height\" content=\"721\" \/>\n\t<meta property=\"og:image:type\" content=\"image\/png\" \/>\n<meta name=\"twitter:card\" content=\"summary_large_image\" \/>\n<meta name=\"twitter:label1\" content=\"Est. reading time\" \/>\n\t<meta name=\"twitter:data1\" content=\"15 minutes\" \/>\n<script type=\"application\/ld+json\" class=\"yoast-schema-graph\">{\"@context\":\"https:\\\/\\\/schema.org\",\"@graph\":[{\"@type\":\"WebPage\",\"@id\":\"https:\\\/\\\/casa.org.br\\\/en\\\/calls\\\/resiliencia-climatica-e-equidade-de-genero-fortalecendo-comunidades-para-promocao-da-inclusao-e-diversidade\\\/\",\"url\":\"https:\\\/\\\/casa.org.br\\\/en\\\/calls\\\/resiliencia-climatica-e-equidade-de-genero-fortalecendo-comunidades-para-promocao-da-inclusao-e-diversidade\\\/\",\"name\":\"Resili\u00eancia Clim\u00e1tica e Equidade de G\u00eanero: Fortalecendo Comunidades para Promo\u00e7\u00e3o da Inclus\u00e3o e Diversidade - Fundo Casa Socioambiental\",\"isPartOf\":{\"@id\":\"https:\\\/\\\/casa.org.br\\\/en\\\/#website\"},\"primaryImageOfPage\":{\"@id\":\"https:\\\/\\\/casa.org.br\\\/en\\\/calls\\\/resiliencia-climatica-e-equidade-de-genero-fortalecendo-comunidades-para-promocao-da-inclusao-e-diversidade\\\/#primaryimage\"},\"image\":{\"@id\":\"https:\\\/\\\/casa.org.br\\\/en\\\/calls\\\/resiliencia-climatica-e-equidade-de-genero-fortalecendo-comunidades-para-promocao-da-inclusao-e-diversidade\\\/#primaryimage\"},\"thumbnailUrl\":\"https:\\\/\\\/casa.org.br\\\/wp-content\\\/uploads\\\/2024\\\/01\\\/1080x720-site-8.png\",\"datePublished\":\"2024-01-18T20:44:19+00:00\",\"dateModified\":\"2024-04-06T19:38:03+00:00\",\"breadcrumb\":{\"@id\":\"https:\\\/\\\/casa.org.br\\\/en\\\/calls\\\/resiliencia-climatica-e-equidade-de-genero-fortalecendo-comunidades-para-promocao-da-inclusao-e-diversidade\\\/#breadcrumb\"},\"inLanguage\":\"en-US\",\"potentialAction\":[{\"@type\":\"ReadAction\",\"target\":[\"https:\\\/\\\/casa.org.br\\\/en\\\/calls\\\/resiliencia-climatica-e-equidade-de-genero-fortalecendo-comunidades-para-promocao-da-inclusao-e-diversidade\\\/\"]}]},{\"@type\":\"ImageObject\",\"inLanguage\":\"en-US\",\"@id\":\"https:\\\/\\\/casa.org.br\\\/en\\\/calls\\\/resiliencia-climatica-e-equidade-de-genero-fortalecendo-comunidades-para-promocao-da-inclusao-e-diversidade\\\/#primaryimage\",\"url\":\"https:\\\/\\\/casa.org.br\\\/wp-content\\\/uploads\\\/2024\\\/01\\\/1080x720-site-8.png\",\"contentUrl\":\"https:\\\/\\\/casa.org.br\\\/wp-content\\\/uploads\\\/2024\\\/01\\\/1080x720-site-8.png\",\"width\":1081,\"height\":721},{\"@type\":\"BreadcrumbList\",\"@id\":\"https:\\\/\\\/casa.org.br\\\/en\\\/calls\\\/resiliencia-climatica-e-equidade-de-genero-fortalecendo-comunidades-para-promocao-da-inclusao-e-diversidade\\\/#breadcrumb\",\"itemListElement\":[{\"@type\":\"ListItem\",\"position\":1,\"name\":\"Home\",\"item\":\"https:\\\/\\\/casa.org.br\\\/en\\\/\"},{\"@type\":\"ListItem\",\"position\":2,\"name\":\"Calls\",\"item\":\"https:\\\/\\\/casa.org.br\\\/en\\\/calls\\\/\"},{\"@type\":\"ListItem\",\"position\":3,\"name\":\"Resili\u00eancia Clim\u00e1tica e Equidade de G\u00eanero: Fortalecendo Comunidades para Promo\u00e7\u00e3o da Inclus\u00e3o e Diversidade\"}]},{\"@type\":\"WebSite\",\"@id\":\"https:\\\/\\\/casa.org.br\\\/en\\\/#website\",\"url\":\"https:\\\/\\\/casa.org.br\\\/en\\\/\",\"name\":\"Fundo Casa Socioambiental\",\"description\":\"Acolhemos desafios, apoiamos solu\u00e7\u00f5es\",\"potentialAction\":[{\"@type\":\"SearchAction\",\"target\":{\"@type\":\"EntryPoint\",\"urlTemplate\":\"https:\\\/\\\/casa.org.br\\\/en\\\/?s={search_term_string}\"},\"query-input\":{\"@type\":\"PropertyValueSpecification\",\"valueRequired\":true,\"valueName\":\"search_term_string\"}}],\"inLanguage\":\"en-US\"}]}<\/script>\n<!-- \/ Yoast SEO plugin. -->","yoast_head_json":{"title":"Resili\u00eancia Clim\u00e1tica e Equidade de G\u00eanero: Fortalecendo Comunidades para Promo\u00e7\u00e3o da Inclus\u00e3o e Diversidade - Fundo Casa Socioambiental","robots":{"index":"index","follow":"follow","max-snippet":"max-snippet:-1","max-image-preview":"max-image-preview:large","max-video-preview":"max-video-preview:-1"},"canonical":"https:\/\/casa.org.br\/en\/calls\/resiliencia-climatica-e-equidade-de-genero-fortalecendo-comunidades-para-promocao-da-inclusao-e-diversidade\/","og_locale":"en_US","og_type":"article","og_title":"Resili\u00eancia Clim\u00e1tica e Equidade de G\u00eanero: Fortalecendo Comunidades para Promo\u00e7\u00e3o da Inclus\u00e3o e Diversidade - Fundo Casa Socioambiental","og_description":"&nbsp; CONFIRA A LISTA COM OS PROJETOS SELECIONADOS\u00a0 1 \u2013 Contexto As mudan\u00e7as clim\u00e1ticas representam uma amea\u00e7a cada vez mais...","og_url":"https:\/\/casa.org.br\/en\/calls\/resiliencia-climatica-e-equidade-de-genero-fortalecendo-comunidades-para-promocao-da-inclusao-e-diversidade\/","og_site_name":"Fundo Casa Socioambiental","article_modified_time":"2024-04-06T19:38:03+00:00","og_image":[{"width":1081,"height":721,"url":"https:\/\/casa.org.br\/wp-content\/uploads\/2024\/01\/1080x720-site-8.png","type":"image\/png"}],"twitter_card":"summary_large_image","twitter_misc":{"Est. reading time":"15 minutes"},"schema":{"@context":"https:\/\/schema.org","@graph":[{"@type":"WebPage","@id":"https:\/\/casa.org.br\/en\/calls\/resiliencia-climatica-e-equidade-de-genero-fortalecendo-comunidades-para-promocao-da-inclusao-e-diversidade\/","url":"https:\/\/casa.org.br\/en\/calls\/resiliencia-climatica-e-equidade-de-genero-fortalecendo-comunidades-para-promocao-da-inclusao-e-diversidade\/","name":"Resili\u00eancia Clim\u00e1tica e Equidade de G\u00eanero: Fortalecendo Comunidades para Promo\u00e7\u00e3o da Inclus\u00e3o e Diversidade - Fundo Casa Socioambiental","isPartOf":{"@id":"https:\/\/casa.org.br\/en\/#website"},"primaryImageOfPage":{"@id":"https:\/\/casa.org.br\/en\/calls\/resiliencia-climatica-e-equidade-de-genero-fortalecendo-comunidades-para-promocao-da-inclusao-e-diversidade\/#primaryimage"},"image":{"@id":"https:\/\/casa.org.br\/en\/calls\/resiliencia-climatica-e-equidade-de-genero-fortalecendo-comunidades-para-promocao-da-inclusao-e-diversidade\/#primaryimage"},"thumbnailUrl":"https:\/\/casa.org.br\/wp-content\/uploads\/2024\/01\/1080x720-site-8.png","datePublished":"2024-01-18T20:44:19+00:00","dateModified":"2024-04-06T19:38:03+00:00","breadcrumb":{"@id":"https:\/\/casa.org.br\/en\/calls\/resiliencia-climatica-e-equidade-de-genero-fortalecendo-comunidades-para-promocao-da-inclusao-e-diversidade\/#breadcrumb"},"inLanguage":"en-US","potentialAction":[{"@type":"ReadAction","target":["https:\/\/casa.org.br\/en\/calls\/resiliencia-climatica-e-equidade-de-genero-fortalecendo-comunidades-para-promocao-da-inclusao-e-diversidade\/"]}]},{"@type":"ImageObject","inLanguage":"en-US","@id":"https:\/\/casa.org.br\/en\/calls\/resiliencia-climatica-e-equidade-de-genero-fortalecendo-comunidades-para-promocao-da-inclusao-e-diversidade\/#primaryimage","url":"https:\/\/casa.org.br\/wp-content\/uploads\/2024\/01\/1080x720-site-8.png","contentUrl":"https:\/\/casa.org.br\/wp-content\/uploads\/2024\/01\/1080x720-site-8.png","width":1081,"height":721},{"@type":"BreadcrumbList","@id":"https:\/\/casa.org.br\/en\/calls\/resiliencia-climatica-e-equidade-de-genero-fortalecendo-comunidades-para-promocao-da-inclusao-e-diversidade\/#breadcrumb","itemListElement":[{"@type":"ListItem","position":1,"name":"Home","item":"https:\/\/casa.org.br\/en\/"},{"@type":"ListItem","position":2,"name":"Calls","item":"https:\/\/casa.org.br\/en\/calls\/"},{"@type":"ListItem","position":3,"name":"Resili\u00eancia Clim\u00e1tica e Equidade de G\u00eanero: Fortalecendo Comunidades para Promo\u00e7\u00e3o da Inclus\u00e3o e Diversidade"}]},{"@type":"WebSite","@id":"https:\/\/casa.org.br\/en\/#website","url":"https:\/\/casa.org.br\/en\/","name":"Fundo Casa Socioambiental","description":"Acolhemos desafios, apoiamos solu\u00e7\u00f5es","potentialAction":[{"@type":"SearchAction","target":{"@type":"EntryPoint","urlTemplate":"https:\/\/casa.org.br\/en\/?s={search_term_string}"},"query-input":{"@type":"PropertyValueSpecification","valueRequired":true,"valueName":"search_term_string"}}],"inLanguage":"en-US"}]}},"_links":{"self":[{"href":"https:\/\/casa.org.br\/en\/wp-json\/wp\/v2\/chamadas\/7095","targetHints":{"allow":["GET"]}}],"collection":[{"href":"https:\/\/casa.org.br\/en\/wp-json\/wp\/v2\/chamadas"}],"about":[{"href":"https:\/\/casa.org.br\/en\/wp-json\/wp\/v2\/types\/chamadas"}],"wp:featuredmedia":[{"embeddable":true,"href":"https:\/\/casa.org.br\/en\/wp-json\/wp\/v2\/media\/7096"}],"wp:attachment":[{"href":"https:\/\/casa.org.br\/en\/wp-json\/wp\/v2\/media?parent=7095"}],"curies":[{"name":"wp","href":"https:\/\/api.w.org\/{rel}","templated":true}]}}