{"id":8023,"date":"2024-09-05T21:22:59","date_gmt":"2024-09-06T00:22:59","guid":{"rendered":"https:\/\/casa.org.br\/?post_type=chamadas&#038;p=8023"},"modified":"2024-09-27T17:37:13","modified_gmt":"2024-09-27T20:37:13","slug":"reforco-imediato-apoio-emergencial-as-brigadas-voluntarias-e-comunitarias","status":"publish","type":"chamadas","link":"https:\/\/casa.org.br\/en\/calls\/reforco-imediato-apoio-emergencial-as-brigadas-voluntarias-e-comunitarias\/","title":{"rendered":"Refor\u00e7o imediato: Apoio Emergencial \u00e0s Brigadas Volunt\u00e1rias e Comunit\u00e1rias"},"content":{"rendered":"<p>&nbsp;<\/p>\n<img loading=\"lazy\" decoding=\"async\" src=\"https:\/\/casa.org.br\/wp-content\/uploads\/2024\/09\/site-8-2-1072x600.png\" alt=\"\" width=\"1072\" height=\"600\" class=\"aligncenter wp-image-8038 size-large\" srcset=\"https:\/\/casa.org.br\/wp-content\/uploads\/2024\/09\/site-8-2-1072x600.png 1072w, https:\/\/casa.org.br\/wp-content\/uploads\/2024\/09\/site-8-2-650x364.png 650w, https:\/\/casa.org.br\/wp-content\/uploads\/2024\/09\/site-8-2-768x430.png 768w, https:\/\/casa.org.br\/wp-content\/uploads\/2024\/09\/site-8-2.png 1113w\" sizes=\"(max-width: 1072px) 100vw, 1072px\" \/>\n<p><a href=\"https:\/\/casa.org.br\/projetos-selecionados-chamada-reforco-imediato-apoio-emergencial-as-brigadas-voluntarias-e-comunitarias\/\"><strong>CONFIRA OS PROJETOS SELECIONADOS<\/strong><\/a><\/p>\n<p><span style=\"font-weight: 400;\">Com o avan\u00e7o das mudan\u00e7as clim\u00e1ticas, o mundo vem enfrentando desafios cada vez maiores para garantir a preserva\u00e7\u00e3o de seus recursos naturais. A ocorr\u00eancia de eventos extremos decorrentes desse avan\u00e7o tamb\u00e9m se tornou alarmante, colocando em risco a sa\u00fade das popula\u00e7\u00f5es, a economia, bem como a integridade dos biomas e toda a biodiversidade.\u00a0<\/span><\/p>\n<p><span style=\"font-weight: 400;\">O Brasil vivencia, a cada ano, eventos extremos de formas distintas. Enquanto em mar\u00e7o deste ano o <\/span><a href=\"https:\/\/g1.globo.com\/ac\/acre\/noticia\/2024\/03\/04\/rio-acre-ultrapassa-marca-de-2023-e-chega-ao-2o-maior-nivel-da-historia-na-capital.ghtml\"><span style=\"font-weight: 400;\">Rio Acre registrou a maior cheia<\/span><\/a><span style=\"font-weight: 400;\"> dos \u00faltimos 9 anos, causando severas enchentes e impactando milhares de pessoas, o estado de Roraima enfrentava a ocorr\u00eancia de inc\u00eandios, nuvens de fuma\u00e7a, seca severa e estiagem dos rios, afetando o fornecimento de \u00e1gua e causando problemas respirat\u00f3rios para a popula\u00e7\u00e3o. Estamos falando de dois estados relativamente pr\u00f3ximos e pertencentes ao mesmo bioma, a Amaz\u00f4nia.\u00a0<\/span><\/p>\n<p><span style=\"font-weight: 400;\">Desde 2021, e ao menos uma vez ao ano, o Fundo Casa vem lan\u00e7ando as chamadas de projetos intituladas \u201cApoio a Grupos de Base no Enfrentamento de Emerg\u00eancias Clim\u00e1ticas Provocadas a partir dos Inc\u00eandios Florestais\u201d. O objetivo \u00e9 apoiar as Brigadas Volunt\u00e1rias e Comunit\u00e1rias, associa\u00e7\u00f5es e comunidades de base que tenham a inten\u00e7\u00e3o de atuar na preven\u00e7\u00e3o e combate a inc\u00eandios florestais de formas estruturantes e planejadas, possibilitando a reestrutura\u00e7\u00e3o de Brigadas existentes e forma\u00e7\u00e3o de novas Brigadas, capacita\u00e7\u00f5es, bem como todas as a\u00e7\u00f5es que comp\u00f5em o Manejo Integrado do Fogo.\u00a0<\/span><\/p>\n<p><span style=\"font-weight: 400;\"><span>Por\u00e9m, a cada ano, os focos de inc\u00eandios florestais se iniciam mais cedo e os per\u00edodos de seca s\u00e3o mais prolongados. Segundo dados da plataforma <a href=\"https:\/\/terrabrasilis.dpi.inpe.br\/queimadas\/bdqueimadas\/\">BD Queimadas do Instituto Nacional de Pesquisas Espaciais (INPE)<\/a>, o Brasil registrou no m\u00eas de agosto deste ano 68.635 focos ativos de fogo.<\/span> Diante desta situa\u00e7\u00e3o, o Fundo Casa Socioambiental, com apoio do <\/span><a href=\"https:\/\/www.itausa.com.br\/Instituto-Itausa\"><span style=\"font-weight: 400;\">Instituto ITA\u00daSA<\/span><\/a><span style=\"font-weight: 400;\">, lan\u00e7a a convocat\u00f3ria de projetos <\/span><b>&#8220;Refor\u00e7o imediato: Apoio Emergencial \u00e0s Brigadas Volunt\u00e1rias e Comunit\u00e1rias&#8221;.<\/b><\/p>\n<p>&nbsp;<\/p>\n<ul>\n<li style=\"font-weight: 400;\" aria-level=\"1\"><b>P\u00fablico priorit\u00e1rio:<\/b><span style=\"font-weight: 400;\"> Brigadas de Preven\u00e7\u00e3o e Combate \u00e0 Inc\u00eandios Florestais j\u00e1 formadas.<\/span><\/li>\n<li style=\"font-weight: 400;\" aria-level=\"1\"><b>Biomas de abrang\u00eancia: <\/b><span style=\"font-weight: 400;\">Amaz\u00f4nia, Cerrado, Pantanal, Caatinga e Mata Atl\u00e2ntica.<\/span><\/li>\n<li style=\"font-weight: 400;\" aria-level=\"1\"><b>Valor:<\/b><span style=\"font-weight: 400;\"> Ser\u00e3o apoiados projetos de at\u00e9 R$20.000,00, a serem desenvolvidos em at\u00e9 04 meses (de outubro a janeiro de 2025) considerando o valor total dispon\u00edvel para a chamada de R$ 600.000,00;<\/span><\/li>\n<li style=\"font-weight: 400;\" aria-level=\"1\"><b>Per\u00edodo de recebimento das propostas:<\/b><span style=\"font-weight: 400;\"> a partir de 06\/09\/2024<\/span><\/li>\n<li style=\"font-weight: 400;\" aria-level=\"1\"><b>Divulga\u00e7\u00e3o dos projetos apoiados:<\/b><span style=\"font-weight: 400;\"> o Fundo Casa divulgar\u00e1 por e-mail e no seu site os apoios<\/span><b> realizados<\/b> <b>semanalmente<\/b><span style=\"font-weight: 400;\">.<\/span><\/li>\n<\/ul>\n<h2><span style=\"font-weight: 400;\">1. Crit\u00e9rios de elegibilidade<\/span><span style=\"font-weight: 400;\"><br \/>\n<\/span><\/h2>\n<ul>\n<li style=\"font-weight: 400;\" aria-level=\"1\"><span style=\"font-weight: 400;\">Associa\u00e7\u00f5es locais sem fins lucrativos legalmente constitu\u00eddas com or\u00e7amento anual de at\u00e9 R$500.000,00. Especificamente: brigadas volunt\u00e1rias e comunit\u00e1rias de combate a inc\u00eandios florestais; associa\u00e7\u00f5es comunit\u00e1rias; comunidades tradicionais e rurais \u2013 ind\u00edgenas, quilombolas, pesqueiras e ribeirinhas, camponesas, de agricultura familiar e comunidades impactadas por barragens e minera\u00e7\u00e3o &#8211; que possuam Brigadas de combate a inc\u00eandios j\u00e1 formadas em seus territ\u00f3rios, e que possuam certificados de realiza\u00e7\u00e3o de curso de brigadista, de todos os\/as brigadistas que ir\u00e3o atuar no combate \u00e0 inc\u00eandios florestais, emitidos por \u00f3rg\u00e3os ou institui\u00e7\u00f5es certificadas;<\/span><\/li>\n<li style=\"font-weight: 400;\" aria-level=\"1\"><span style=\"font-weight: 400;\">Cada organiza\u00e7\u00e3o poder\u00e1 apresentar somente um projeto;<\/span><\/li>\n<li style=\"font-weight: 400;\" aria-level=\"1\"><span style=\"font-weight: 400;\">Os recursos s\u00f3 poder\u00e3o ser repassados para uma organiza\u00e7\u00e3o com CNPJ. Grupos e coletivos sem personalidade jur\u00eddica dever\u00e3o apresentar uma organiza\u00e7\u00e3o parceira.<\/span><\/li>\n<\/ul>\n<h2><span style=\"font-weight: 400;\">2. Crit\u00e9rios de Prioridade<\/span><\/h2>\n<ul>\n<li style=\"font-weight: 400;\" aria-level=\"1\"><span style=\"font-weight: 400;\">Brigadas volunt\u00e1rias e comunit\u00e1rias de combate a inc\u00eandios florestais que est\u00e3o em campo, atuando no combate imediato do fogo;<\/span><\/li>\n<li style=\"font-weight: 400;\" aria-level=\"1\"><span style=\"font-weight: 400;\">Ser\u00e1 levado em considera\u00e7\u00e3o o grau de vulnerabilidade dos territ\u00f3rios frente aos inc\u00eandios, assim como o hist\u00f3rico de queimadas e amea\u00e7as nas \u00e1reas propostas;<\/span><\/li>\n<li style=\"font-weight: 400;\" aria-level=\"1\"><span style=\"font-weight: 400;\">Proposta localizada em comunidades e territ\u00f3rios que foram impactados por inc\u00eandios florestais em 2024;<\/span><\/li>\n<li style=\"font-weight: 400;\" aria-level=\"1\"><span style=\"font-weight: 400;\">Organiza\u00e7\u00f5es estrat\u00e9gicas em territ\u00f3rios, que integrem redes de combate e preven\u00e7\u00e3o aos inc\u00eandios;<\/span><\/li>\n<li style=\"font-weight: 400;\" aria-level=\"1\"><span style=\"font-weight: 400;\">G\u00eanero: projetos que contemplem a efetiva participa\u00e7\u00e3o das mulheres, tanto na execu\u00e7\u00e3o das atividades como na composi\u00e7\u00e3o em cargos de tomada de decis\u00e3o nas organiza\u00e7\u00f5es.<\/span><\/li>\n<\/ul>\n<h2><span style=\"font-weight: 400;\">3. Objetivo desta chamada de projetos &#8211; Apoio Emergencial\u00a0<\/span><\/h2>\n<p><span style=\"font-weight: 400;\">Esta chamada tem como objetivo apoiar projetos que busquem custear a compra de insumos emergenciais relacionados ao combate, controle e monitoramento de focos de inc\u00eandios florestais, como por exemplo:<\/span><\/p>\n<ul>\n<li style=\"font-weight: 400;\" aria-level=\"1\"><span style=\"font-weight: 400;\">\u00c1gua pot\u00e1vel para consumo humano;<\/span><\/li>\n<li style=\"font-weight: 400;\" aria-level=\"1\"><span style=\"font-weight: 400;\">Isot\u00f4nicos;<\/span><\/li>\n<li style=\"font-weight: 400;\" aria-level=\"1\"><span style=\"font-weight: 400;\">Alimentos;<\/span><\/li>\n<li style=\"font-weight: 400;\" aria-level=\"1\"><span style=\"font-weight: 400;\">Alimentos de reposi\u00e7\u00e3o e absor\u00e7\u00e3o r\u00e1pida como barras de prote\u00edna e gel de carboidrato;<\/span><\/li>\n<li style=\"font-weight: 400;\" aria-level=\"1\"><span style=\"font-weight: 400;\">Aquisi\u00e7\u00e3o de cestas b\u00e1sicas para os\/as brigadistas;<\/span><\/li>\n<li style=\"font-weight: 400;\" aria-level=\"1\"><span style=\"font-weight: 400;\">Aquisi\u00e7\u00e3o de ferramentas e equipamentos em geral, uniformes e EPIs;<\/span><\/li>\n<li style=\"font-weight: 400;\" aria-level=\"1\"><span style=\"font-weight: 400;\">Pagamento de di\u00e1rias e ajudas de custo aos\/\u00e0s brigadistas;<\/span><\/li>\n<li style=\"font-weight: 400;\" aria-level=\"1\"><span style=\"font-weight: 400;\">Pagamento de\u00a0 ap\u00f3lices de seguro de vida, visando garantir respaldo para os\/as brigadistas em per\u00edodo de combate;<\/span><\/li>\n<li style=\"font-weight: 400;\" aria-level=\"1\"><span style=\"font-weight: 400;\">Log\u00edstica para enfrentamento, monitoramento e controle dos inc\u00eandios, como compra de combust\u00edveis, aluguel de ve\u00edculos, barcos, passagens, entre outros custos log\u00edsticos para a opera\u00e7\u00e3o das Brigadas.<\/span><\/li>\n<\/ul>\n<h2><span style=\"font-weight: 400;\">4. Documenta\u00e7\u00e3o necess\u00e1ria da Organiza\u00e7\u00e3o:<\/span><\/h2>\n<ul>\n<li style=\"font-weight: 400;\" aria-level=\"1\"><span style=\"font-weight: 400;\">Certificados de realiza\u00e7\u00e3o de curso de Brigadista, de todos os Brigadistas que ir\u00e3o atuar no combate \u00e0 inc\u00eandios florestais, emitido por \u00f3rg\u00e3os ou institui\u00e7\u00f5es certificadas &#8211; obrigat\u00f3rio;\u00a0<\/span><\/li>\n<li style=\"font-weight: 400;\" aria-level=\"1\"><span style=\"font-weight: 400;\">\u00daltima ata de elei\u00e7\u00e3o vigente da organiza\u00e7\u00e3o;<\/span><\/li>\n<li style=\"font-weight: 400;\" aria-level=\"1\"><span style=\"font-weight: 400;\">Estatuto da organiza\u00e7\u00e3o;<\/span><\/li>\n<li style=\"font-weight: 400;\" aria-level=\"1\"><span style=\"font-weight: 400;\">CNPJ;<\/span><\/li>\n<li style=\"font-weight: 400;\" aria-level=\"1\"><span style=\"font-weight: 400;\">Certid\u00e3o Negativa de D\u00e9bitos do FGTS;<\/span><\/li>\n<li style=\"font-weight: 400;\" aria-level=\"1\"><span style=\"font-weight: 400;\">Certid\u00e3o Negativa de D\u00e9bitos da Receita Federal;<\/span><\/li>\n<li style=\"font-weight: 400;\" aria-level=\"1\"><span style=\"font-weight: 400;\">C\u00f3pia do Extrato Banc\u00e1rio com os dados da conta banc\u00e1ria.<\/span><\/li>\n<\/ul>\n<p><span style=\"font-weight: 400;\">Aten\u00e7\u00e3o: A documenta\u00e7\u00e3o deve ser enviada no momento de inscri\u00e7\u00e3o da proposta, juntamente com o formul\u00e1rio de projetos.\u00a0<\/span><\/p>\n<h2><span style=\"font-weight: 400;\">5. Impostos e outros\u00a0<\/span><\/h2>\n<p><span style=\"font-weight: 400;\">Organiza\u00e7\u00f5es, grupos e coletivos selecionados s\u00e3o respons\u00e1veis pelo pagamento de todos os tributos obrigat\u00f3rios \u2013 quer seja ITCMD (Imposto sobre Transmiss\u00e3o Causa Mortis e Doa\u00e7\u00e3o de Quaisquer Bens ou Direitos) e\/ou outros impostos obrigat\u00f3rios.<\/span><\/p>\n<h2><span style=\"font-weight: 400;\">6. Como enviar sua proposta<\/span><\/h2>\n<p><span style=\"font-weight: 400;\">As propostas dever\u00e3o ser enviadas pelo sistema digital de inscri\u00e7\u00e3o de projetos do Fundo Casa \u2013 CasaDigital.<\/span><\/p>\n<p><span style=\"font-weight: 400;\">Caso haja dificuldades de inscri\u00e7\u00e3o pelo sistema digital, disponibilizamos tamb\u00e9m a inscri\u00e7\u00e3o via formul\u00e1rio Word.<\/span><\/p>\n<p><span style=\"font-weight: 400;\">Ser\u00e3o consideradas v\u00e1lidas apenas inscri\u00e7\u00f5es realizadas dentro do prazo definido.<\/span><\/p>\n<p><span style=\"font-weight: 400;\">Veja abaixo as instru\u00e7\u00f5es para inscrever seu projeto.<\/span><\/p>\n<p><span style=\"font-weight: 400;\">Aten\u00e7\u00e3o: O envio de projetos via CasaDigital \u00e9 exclusivo para <strong>organiza\u00e7\u00f5es que j\u00e1 possuem CNPJ<\/strong>. Caso sua organiza\u00e7\u00e3o ainda n\u00e3o tenha CNPJ e necessite de organiza\u00e7\u00e3o parceira, ser\u00e1 necess\u00e1rio inscrever o projeto via formul\u00e1rio Word.<\/span><\/p>\n<p>&nbsp;<\/p>\n<p><span style=\"text-decoration: underline;\"><a href=\"https:\/\/bd.casa.org.br\/ProjetoChamadaOnline\/Create?chamadaId=11\"><span style=\"font-weight: 400;\">CLIQUE AQUI PARA ACESSAR O CASADIGITAL<\/span><\/a><\/span><\/p>\n<p>&nbsp;<\/p>\n<p><span style=\"font-weight: 400;\">Certifique-se de preencher todos os campos solicitados e salvar o seu projeto ap\u00f3s as edi\u00e7\u00f5es.\u00a0<\/span><\/p>\n<p><b>Op\u00e7\u00e3o de inscri\u00e7\u00e3o via formul\u00e1rio Word<\/b><\/p>\n<p><span style=\"font-weight: 400;\">Caso n\u00e3o seja poss\u00edvel a inscri\u00e7\u00e3o via CasaDigital, \u00e9 poss\u00edvel enviar sua proposta por meio do formul\u00e1rio Word. Ap\u00f3s finalizar seu projeto, envie o Formul\u00e1rio de Inscri\u00e7\u00e3o e a Planilha Or\u00e7ament\u00e1ria para clima@casa.org.br.<\/span><\/p>\n<p>&nbsp;<\/p>\n<p><span style=\"font-weight: 400;\">\u00a0\u00a0\u00a0\u00a0<\/span><a href=\"https:\/\/casa.org.br\/wp-content\/uploads\/2024\/09\/anexo-1-formulario-em-brigadas-1.docx\"><span style=\"font-weight: 400;\">Clique aqui para baixar o Formul\u00e1rio de Inscri\u00e7\u00e3o<\/span><\/a><\/p>\n<p><span style=\"font-weight: 400;\">\u00a0\u00a0\u00a0\u00a0<\/span><a href=\"https:\/\/casa.org.br\/wp-content\/uploads\/2024\/08\/3-planilha-orcamentaria-0924.xlsx\"><span style=\"font-weight: 400;\">Clique aqui para baixar a Planilha Or\u00e7ament\u00e1ria<\/span><\/a><\/p>\n<p>&nbsp;<\/p>\n<p><b>Observa\u00e7\u00e3o\u00a0<\/b><\/p>\n<p><span style=\"font-weight: 400;\">Caso o projeto necessite de organiza\u00e7\u00e3o parceira, n\u00e3o esque\u00e7a de anexar tamb\u00e9m a Declara\u00e7\u00e3o para projetos que necessitam de Organiza\u00e7\u00e3o Parceira.<\/span><\/p>\n<p><span style=\"font-weight: 400;\">Baixe, preencha e envie a declara\u00e7\u00e3o junto a inscri\u00e7\u00e3o caso a organiza\u00e7\u00e3o proponente n\u00e3o possua personalidade jur\u00eddica e necessite de uma organiza\u00e7\u00e3o parceira.\u00a0<\/span><\/p>\n<p><span style=\"font-weight: 400;\"><a href=\"https:\/\/casa.org.br\/wp-content\/uploads\/2024\/09\/declaracao-organizacao-parceira-v2.docx\"><strong>Clique aqui para baixar<\/strong><\/a> a Declara\u00e7\u00e3o de Organiza\u00e7\u00e3o Parceira<\/span><\/p>\n<p><span style=\"font-weight: 400;\">Para saber quais s\u00e3o as atribui\u00e7\u00f5es da organiza\u00e7\u00e3o parceira, consulte as d\u00favidas frequentes no final desta p\u00e1gina.\u00a0<\/span><\/p>\n<p><b>Guia para preenchimento do formul\u00e1rio:<\/b><span style=\"font-weight: 400;\"> O Fundo Casa desenvolveu um guia para auxiliar a inscri\u00e7\u00e3o de projetos via formul\u00e1rio Word, <a href=\"https:\/\/casa.org.br\/wp-content\/uploads\/2022\/06\/guia-apoiado.pdf\"><strong>clique aqui<\/strong><\/a> para acessar o guia e acompanhe o passo a passo para inscrever o seu projeto!<\/span><\/p>\n<h2><span style=\"font-weight: 400;\">7. Contrapartidas<\/span><\/h2>\n<p><span style=\"font-weight: 400;\">Pedimos que, quando houver contrapartida, estas sejam apresentadas na planilha or\u00e7ament\u00e1ria, mesmo que seja em bens e servi\u00e7os.<\/span><\/p>\n<h2><span style=\"font-weight: 400;\">8. Pol\u00edtica de Conduta e Prote\u00e7\u00e3o do Fundo Casa<\/span><\/h2>\n<p><span style=\"font-weight: 400;\">Todas as organiza\u00e7\u00f5es que submeterem projetos dever\u00e3o estar cientes que, caso sejam selecionadas para receber o apoio do Fundo Casa, precisar\u00e3o estar de acordo e assumir o compromisso de respeitar a Pol\u00edtica de Conduta e Prote\u00e7\u00e3o do Fundo Casa, <a href=\"https:\/\/casa.org.br\/wp-content\/uploads\/2023\/04\/4-politica-conduta-protecao.pdf\">dispon\u00edvel aqui<\/a>.<\/span><\/p>\n<h2><span style=\"font-weight: 400;\">9. Como elaborar um projeto<\/span><\/h2>\n<p><span style=\"font-weight: 400;\">\u201c<\/span>Como elaborar um projeto\u201d \u00e9 o primeiro epis\u00f3dio da <a href=\"https:\/\/www.youtube.com\/watch?v=JIpgn6WO5dM&amp;list=PL2DaoOsJtlWXS4ZdwVplwgbchKkKL1Ej_\">s\u00e9rie Fortalecimento de Capacidades<\/a>, criada pelo Fundo Casa em parceria com a SER. Entenda quais s\u00e3o os elementos que comp\u00f5em um projeto e quais s\u00e3o as etapas de desenvolvimento, desde o planejamento at\u00e9 a presta\u00e7\u00e3o de contas. N\u00e3o deixe tamb\u00e9m de consultar as d\u00favidas frequentes abaixo, a sua d\u00favida pode estar l\u00e1!<\/p>\n<p>&nbsp;<\/p>\n<div class=\"embed-wrap fitvidz\"><iframe loading=\"lazy\" title=\"[Epis\u00f3dio 1] Como elaborar um projeto\" width=\"500\" height=\"281\" src=\"https:\/\/www.youtube.com\/embed\/JIpgn6WO5dM?feature=oembed\" frameborder=\"0\" allow=\"accelerometer; autoplay; clipboard-write; encrypted-media; gyroscope; picture-in-picture; web-share\" referrerpolicy=\"strict-origin-when-cross-origin\" allowfullscreen><\/iframe><\/div>\n<h2>.<\/h2>\n<h2><span style=\"font-weight: 400;\">10. Apoiadores da Chamada<\/span><\/h2>\n<p><span style=\"font-weight: 400;\">Esta chamada conta com recursos do Instituto ITA\u00daSA.<\/span><\/p>\n<h2><span style=\"font-weight: 400;\">11. D\u00favidas frequentes<\/span><\/h2>\n<p><span style=\"font-weight: 400;\">\u00a0<\/span><b>1) Posso transferir o recurso da conta da Organiza\u00e7\u00e3o para uma outra conta? Posso sacar todo o recurso da conta da Organiza\u00e7\u00e3o e ficar com o valor em esp\u00e9cie?<\/b><\/p>\n<p><span style=\"font-weight: 400;\">\u00a0N\u00e3o, em hip\u00f3tese alguma o recurso pode sair da conta da organiza\u00e7\u00e3o proponente ou organiza\u00e7\u00e3o parceira para conta de terceiros (isso inclui presidente, vice-presidente e integrantes da organiza\u00e7\u00e3o), e nem ser sacado integralmente. S\u00f3 poder\u00e1 ser transferido para pagamento de despesas previstas no projeto, em uma rela\u00e7\u00e3o direta saindo da conta da organiza\u00e7\u00e3o para a conta do fornecedor ou prestador de servi\u00e7os, comprovado mediante nota fiscal ou recibo (a depender do valor).<\/span><\/p>\n<p><b>\u00a02) O que \u00e9 Organiza\u00e7\u00e3o Parceira?<\/b><\/p>\n<p><span style=\"font-weight: 400;\">\u00a0Organiza\u00e7\u00e3o Parceira \u00e9 a institui\u00e7\u00e3o SEM FINS LUCRATIVOS que cede sua estrutura legal para os grupos e movimentos n\u00e3o formalizados, aqueles que n\u00e3o possuem personalidade jur\u00eddica. O projeto e as informa\u00e7\u00f5es da proposta devem ser em nome do grupo proponente. A Organiza\u00e7\u00e3o Parceira enviar\u00e1 os documentos para contrata\u00e7\u00e3o do projeto, assim como ser\u00e1 respons\u00e1vel pelo recebimento do recurso (em conta banc\u00e1ria institucional) e presta\u00e7\u00e3o de contas. Dessa maneira, o item do formul\u00e1rio \u201cOrganiza\u00e7\u00e3o Parceira\u201d s\u00f3 deve ser preenchido nos casos em que a organiza\u00e7\u00e3o proponente n\u00e3o possua CNPJ. A organiza\u00e7\u00e3o parceira \u00e9 a respons\u00e1vel legal pelo projeto junto ao Fundo Casa.<\/span><\/p>\n<p><span style=\"font-weight: 400;\">\u00a0<\/span><b>3) Somos a organiza\u00e7\u00e3o proponente, temos CNPJ, mas est\u00e1 irregular. Podemos enviar proposta para esta Chamada, com organiza\u00e7\u00e3o parceira?<\/b><\/p>\n<p><span style=\"font-weight: 400;\">\u00a0Sim, sugerimos que conte com uma organiza\u00e7\u00e3o que j\u00e1 seja parceira de sua organiza\u00e7\u00e3o para ser parceira do seu projeto. Tamb\u00e9m recomendamos sempre verificar a situa\u00e7\u00e3o da conta banc\u00e1ria, que dever\u00e1 estar ativa\/regular.\u00a0<\/span><\/p>\n<p><span style=\"font-weight: 400;\">Caso o CNPJ da organiza\u00e7\u00e3o proponente esteja ativo e sem irregularidades, a mesma dever\u00e1 indicar informa\u00e7\u00f5es e uma conta banc\u00e1ria institucional pr\u00f3pria.<\/span><\/p>\n<p><span style=\"font-weight: 400;\">\u00a0<\/span><b>4) Envio de documentos \u2013 Os documentos enviados podem ser apenas c\u00f3pias digitais?<\/b><\/p>\n<p><span style=\"font-weight: 400;\">\u00a0Sim, os documentos solicitados devem ser c\u00f3pias digitais.<\/span><\/p>\n<p><span style=\"font-weight: 400;\">\u00a0<\/span><b>5) Organiza\u00e7\u00f5es com projetos em execu\u00e7\u00e3o no Fundo Casa podem encaminhar propostas para esta chamada?<\/b><\/p>\n<p><span style=\"font-weight: 400;\">Sim.<\/span><\/p>\n<p><span style=\"font-weight: 400;\">\u00a0<\/span><b>6) \u00c9 preciso uma conta banc\u00e1ria jur\u00eddica para receber o recurso?<\/b><\/p>\n<p><span style=\"font-weight: 400;\">\u00a0Sim, \u00e9 necess\u00e1ria uma conta banc\u00e1ria de pessoa jur\u00eddica para receber os recursos do projeto. A conta banc\u00e1ria deve estar no nome da organiza\u00e7\u00e3o com o CNPJ que ir\u00e1 receber a doa\u00e7\u00e3o. Contas pessoais n\u00e3o ser\u00e3o aceitas. Se a organiza\u00e7\u00e3o n\u00e3o tem personalidade jur\u00eddica, \u00e0s informa\u00e7\u00f5es banc\u00e1rias apresentadas podem ser as da Organiza\u00e7\u00e3o Parceira (a organiza\u00e7\u00e3o que receber\u00e1 os recursos e ser\u00e1 a respons\u00e1vel legal pelo projeto).<\/span><\/p>\n<p><span style=\"font-weight: 400;\">\u00a0<\/span><b>7) O grupo est\u00e1 regularizando a documenta\u00e7\u00e3o. Pode enviar depois da sele\u00e7\u00e3o?<\/b><\/p>\n<p><span style=\"font-weight: 400;\">\u00a0O ideal \u00e9 enviar toda a documenta\u00e7\u00e3o junto com seu projeto, isso facilita e agiliza a an\u00e1lise do projeto.<\/span><\/p>\n<p><span style=\"font-weight: 400;\">\u00a0<\/span><b>8) Poder\u00e1 participar desta chamada o grupo que tem pend\u00eancias em presta\u00e7\u00e3o de contas com o Fundo Casa?<\/b><\/p>\n<p><span style=\"font-weight: 400;\">\u00a0Grupos com pend\u00eancia em presta\u00e7\u00e3o de contas n\u00e3o ser\u00e3o aceitos nesta chamada de projetos.<\/span><\/p>\n<p><span style=\"font-weight: 400;\">\u00a0<\/span><b>9) Uma mesma Organiza\u00e7\u00e3o Parceira poder\u00e1 ser parceira de at\u00e9 quantas organiza\u00e7\u00f5es proponentes?<\/b><\/p>\n<p><span style=\"font-weight: 400;\">\u00a0Poder\u00e1 ser parceira de at\u00e9 duas organiza\u00e7\u00f5es proponentes.<\/span><\/p>\n<p><span style=\"font-weight: 400;\">\u00a0<\/span><b>10) Na planilha or\u00e7ament\u00e1ria quais despesas ser\u00e3o custeadas, existe algum modelo?<\/b><\/p>\n<p><span style=\"font-weight: 400;\">\u00a0A sele\u00e7\u00e3o dos tipos de despesas \u00e9 feita pela organiza\u00e7\u00e3o proponente, devendo estar alinhada com os crit\u00e9rios da chamada. \u00c9 parte da coer\u00eancia na apresenta\u00e7\u00e3o da proposta a rela\u00e7\u00e3o entre objetivos espec\u00edficos \/ atividades \/ custos.<\/span><\/p>\n<p><span style=\"font-weight: 400;\">\u00a0<\/span><b>11) Uma organiza\u00e7\u00e3o com CNPJ pr\u00f3prio, que inscreve um projeto poder\u00e1 servir de Organiza\u00e7\u00e3o Parceira para outro grupo sem CNPJ?<\/b><\/p>\n<p><span style=\"font-weight: 400;\">\u00a0Sim. Uma mesma organiza\u00e7\u00e3o poder\u00e1 ser proponente de um (1) projeto pr\u00f3prio e Parceira para at\u00e9 um (1) outro grupo sem Pessoa Jur\u00eddica.<\/span><\/p>\n<p><br style=\"font-weight: 400;\" \/><br style=\"font-weight: 400;\" \/><\/p>\n","protected":false},"featured_media":8038,"template":"","class_list":["post-8023","chamadas","type-chamadas","status-publish","has-post-thumbnail","hentry"],"acf":[],"yoast_head":"<!-- This site is optimized with the Yoast SEO plugin v27.4 - https:\/\/yoast.com\/product\/yoast-seo-wordpress\/ -->\n<title>Refor\u00e7o imediato: Apoio Emergencial \u00e0s Brigadas Volunt\u00e1rias e Comunit\u00e1rias - Fundo Casa Socioambiental<\/title>\n<meta name=\"robots\" content=\"index, follow, max-snippet:-1, max-image-preview:large, max-video-preview:-1\" \/>\n<link rel=\"canonical\" href=\"https:\/\/casa.org.br\/en\/calls\/reforco-imediato-apoio-emergencial-as-brigadas-voluntarias-e-comunitarias\/\" \/>\n<meta property=\"og:locale\" content=\"en_US\" \/>\n<meta property=\"og:type\" content=\"article\" \/>\n<meta property=\"og:title\" content=\"Refor\u00e7o imediato: Apoio Emergencial \u00e0s Brigadas Volunt\u00e1rias e Comunit\u00e1rias - Fundo Casa Socioambiental\" \/>\n<meta property=\"og:description\" content=\"&nbsp; CONFIRA OS PROJETOS SELECIONADOS Com o avan\u00e7o das mudan\u00e7as clim\u00e1ticas, o mundo vem enfrentando desafios cada vez maiores para...\" \/>\n<meta property=\"og:url\" content=\"https:\/\/casa.org.br\/en\/calls\/reforco-imediato-apoio-emergencial-as-brigadas-voluntarias-e-comunitarias\/\" \/>\n<meta property=\"og:site_name\" content=\"Fundo Casa Socioambiental\" \/>\n<meta property=\"article:modified_time\" content=\"2024-09-27T20:37:13+00:00\" \/>\n<meta property=\"og:image\" content=\"https:\/\/casa.org.br\/wp-content\/uploads\/2024\/09\/site-8-2.png\" \/>\n\t<meta property=\"og:image:width\" content=\"1113\" \/>\n\t<meta property=\"og:image:height\" content=\"623\" \/>\n\t<meta property=\"og:image:type\" content=\"image\/png\" \/>\n<meta name=\"twitter:card\" content=\"summary_large_image\" \/>\n<meta name=\"twitter:label1\" content=\"Est. reading time\" \/>\n\t<meta name=\"twitter:data1\" content=\"11 minutes\" \/>\n<script type=\"application\/ld+json\" class=\"yoast-schema-graph\">{\"@context\":\"https:\\\/\\\/schema.org\",\"@graph\":[{\"@type\":\"WebPage\",\"@id\":\"https:\\\/\\\/casa.org.br\\\/en\\\/calls\\\/reforco-imediato-apoio-emergencial-as-brigadas-voluntarias-e-comunitarias\\\/\",\"url\":\"https:\\\/\\\/casa.org.br\\\/en\\\/calls\\\/reforco-imediato-apoio-emergencial-as-brigadas-voluntarias-e-comunitarias\\\/\",\"name\":\"Refor\u00e7o imediato: Apoio Emergencial \u00e0s Brigadas Volunt\u00e1rias e Comunit\u00e1rias - Fundo Casa Socioambiental\",\"isPartOf\":{\"@id\":\"https:\\\/\\\/casa.org.br\\\/en\\\/#website\"},\"primaryImageOfPage\":{\"@id\":\"https:\\\/\\\/casa.org.br\\\/en\\\/calls\\\/reforco-imediato-apoio-emergencial-as-brigadas-voluntarias-e-comunitarias\\\/#primaryimage\"},\"image\":{\"@id\":\"https:\\\/\\\/casa.org.br\\\/en\\\/calls\\\/reforco-imediato-apoio-emergencial-as-brigadas-voluntarias-e-comunitarias\\\/#primaryimage\"},\"thumbnailUrl\":\"https:\\\/\\\/casa.org.br\\\/wp-content\\\/uploads\\\/2024\\\/09\\\/site-8-2.png\",\"datePublished\":\"2024-09-06T00:22:59+00:00\",\"dateModified\":\"2024-09-27T20:37:13+00:00\",\"breadcrumb\":{\"@id\":\"https:\\\/\\\/casa.org.br\\\/en\\\/calls\\\/reforco-imediato-apoio-emergencial-as-brigadas-voluntarias-e-comunitarias\\\/#breadcrumb\"},\"inLanguage\":\"en-US\",\"potentialAction\":[{\"@type\":\"ReadAction\",\"target\":[\"https:\\\/\\\/casa.org.br\\\/en\\\/calls\\\/reforco-imediato-apoio-emergencial-as-brigadas-voluntarias-e-comunitarias\\\/\"]}]},{\"@type\":\"ImageObject\",\"inLanguage\":\"en-US\",\"@id\":\"https:\\\/\\\/casa.org.br\\\/en\\\/calls\\\/reforco-imediato-apoio-emergencial-as-brigadas-voluntarias-e-comunitarias\\\/#primaryimage\",\"url\":\"https:\\\/\\\/casa.org.br\\\/wp-content\\\/uploads\\\/2024\\\/09\\\/site-8-2.png\",\"contentUrl\":\"https:\\\/\\\/casa.org.br\\\/wp-content\\\/uploads\\\/2024\\\/09\\\/site-8-2.png\",\"width\":1113,\"height\":623},{\"@type\":\"BreadcrumbList\",\"@id\":\"https:\\\/\\\/casa.org.br\\\/en\\\/calls\\\/reforco-imediato-apoio-emergencial-as-brigadas-voluntarias-e-comunitarias\\\/#breadcrumb\",\"itemListElement\":[{\"@type\":\"ListItem\",\"position\":1,\"name\":\"Home\",\"item\":\"https:\\\/\\\/casa.org.br\\\/en\\\/\"},{\"@type\":\"ListItem\",\"position\":2,\"name\":\"Calls\",\"item\":\"https:\\\/\\\/casa.org.br\\\/en\\\/calls\\\/\"},{\"@type\":\"ListItem\",\"position\":3,\"name\":\"Refor\u00e7o imediato: Apoio Emergencial \u00e0s Brigadas Volunt\u00e1rias e Comunit\u00e1rias\"}]},{\"@type\":\"WebSite\",\"@id\":\"https:\\\/\\\/casa.org.br\\\/en\\\/#website\",\"url\":\"https:\\\/\\\/casa.org.br\\\/en\\\/\",\"name\":\"Fundo Casa Socioambiental\",\"description\":\"Acolhemos desafios, apoiamos solu\u00e7\u00f5es\",\"potentialAction\":[{\"@type\":\"SearchAction\",\"target\":{\"@type\":\"EntryPoint\",\"urlTemplate\":\"https:\\\/\\\/casa.org.br\\\/en\\\/?s={search_term_string}\"},\"query-input\":{\"@type\":\"PropertyValueSpecification\",\"valueRequired\":true,\"valueName\":\"search_term_string\"}}],\"inLanguage\":\"en-US\"}]}<\/script>\n<!-- \/ Yoast SEO plugin. -->","yoast_head_json":{"title":"Refor\u00e7o imediato: Apoio Emergencial \u00e0s Brigadas Volunt\u00e1rias e Comunit\u00e1rias - Fundo Casa Socioambiental","robots":{"index":"index","follow":"follow","max-snippet":"max-snippet:-1","max-image-preview":"max-image-preview:large","max-video-preview":"max-video-preview:-1"},"canonical":"https:\/\/casa.org.br\/en\/calls\/reforco-imediato-apoio-emergencial-as-brigadas-voluntarias-e-comunitarias\/","og_locale":"en_US","og_type":"article","og_title":"Refor\u00e7o imediato: Apoio Emergencial \u00e0s Brigadas Volunt\u00e1rias e Comunit\u00e1rias - Fundo Casa Socioambiental","og_description":"&nbsp; CONFIRA OS PROJETOS SELECIONADOS Com o avan\u00e7o das mudan\u00e7as clim\u00e1ticas, o mundo vem enfrentando desafios cada vez maiores para...","og_url":"https:\/\/casa.org.br\/en\/calls\/reforco-imediato-apoio-emergencial-as-brigadas-voluntarias-e-comunitarias\/","og_site_name":"Fundo Casa Socioambiental","article_modified_time":"2024-09-27T20:37:13+00:00","og_image":[{"width":1113,"height":623,"url":"https:\/\/casa.org.br\/wp-content\/uploads\/2024\/09\/site-8-2.png","type":"image\/png"}],"twitter_card":"summary_large_image","twitter_misc":{"Est. reading time":"11 minutes"},"schema":{"@context":"https:\/\/schema.org","@graph":[{"@type":"WebPage","@id":"https:\/\/casa.org.br\/en\/calls\/reforco-imediato-apoio-emergencial-as-brigadas-voluntarias-e-comunitarias\/","url":"https:\/\/casa.org.br\/en\/calls\/reforco-imediato-apoio-emergencial-as-brigadas-voluntarias-e-comunitarias\/","name":"Refor\u00e7o imediato: Apoio Emergencial \u00e0s Brigadas Volunt\u00e1rias e Comunit\u00e1rias - Fundo Casa Socioambiental","isPartOf":{"@id":"https:\/\/casa.org.br\/en\/#website"},"primaryImageOfPage":{"@id":"https:\/\/casa.org.br\/en\/calls\/reforco-imediato-apoio-emergencial-as-brigadas-voluntarias-e-comunitarias\/#primaryimage"},"image":{"@id":"https:\/\/casa.org.br\/en\/calls\/reforco-imediato-apoio-emergencial-as-brigadas-voluntarias-e-comunitarias\/#primaryimage"},"thumbnailUrl":"https:\/\/casa.org.br\/wp-content\/uploads\/2024\/09\/site-8-2.png","datePublished":"2024-09-06T00:22:59+00:00","dateModified":"2024-09-27T20:37:13+00:00","breadcrumb":{"@id":"https:\/\/casa.org.br\/en\/calls\/reforco-imediato-apoio-emergencial-as-brigadas-voluntarias-e-comunitarias\/#breadcrumb"},"inLanguage":"en-US","potentialAction":[{"@type":"ReadAction","target":["https:\/\/casa.org.br\/en\/calls\/reforco-imediato-apoio-emergencial-as-brigadas-voluntarias-e-comunitarias\/"]}]},{"@type":"ImageObject","inLanguage":"en-US","@id":"https:\/\/casa.org.br\/en\/calls\/reforco-imediato-apoio-emergencial-as-brigadas-voluntarias-e-comunitarias\/#primaryimage","url":"https:\/\/casa.org.br\/wp-content\/uploads\/2024\/09\/site-8-2.png","contentUrl":"https:\/\/casa.org.br\/wp-content\/uploads\/2024\/09\/site-8-2.png","width":1113,"height":623},{"@type":"BreadcrumbList","@id":"https:\/\/casa.org.br\/en\/calls\/reforco-imediato-apoio-emergencial-as-brigadas-voluntarias-e-comunitarias\/#breadcrumb","itemListElement":[{"@type":"ListItem","position":1,"name":"Home","item":"https:\/\/casa.org.br\/en\/"},{"@type":"ListItem","position":2,"name":"Calls","item":"https:\/\/casa.org.br\/en\/calls\/"},{"@type":"ListItem","position":3,"name":"Refor\u00e7o imediato: Apoio Emergencial \u00e0s Brigadas Volunt\u00e1rias e Comunit\u00e1rias"}]},{"@type":"WebSite","@id":"https:\/\/casa.org.br\/en\/#website","url":"https:\/\/casa.org.br\/en\/","name":"Fundo Casa Socioambiental","description":"Acolhemos desafios, apoiamos solu\u00e7\u00f5es","potentialAction":[{"@type":"SearchAction","target":{"@type":"EntryPoint","urlTemplate":"https:\/\/casa.org.br\/en\/?s={search_term_string}"},"query-input":{"@type":"PropertyValueSpecification","valueRequired":true,"valueName":"search_term_string"}}],"inLanguage":"en-US"}]}},"_links":{"self":[{"href":"https:\/\/casa.org.br\/en\/wp-json\/wp\/v2\/chamadas\/8023","targetHints":{"allow":["GET"]}}],"collection":[{"href":"https:\/\/casa.org.br\/en\/wp-json\/wp\/v2\/chamadas"}],"about":[{"href":"https:\/\/casa.org.br\/en\/wp-json\/wp\/v2\/types\/chamadas"}],"wp:featuredmedia":[{"embeddable":true,"href":"https:\/\/casa.org.br\/en\/wp-json\/wp\/v2\/media\/8038"}],"wp:attachment":[{"href":"https:\/\/casa.org.br\/en\/wp-json\/wp\/v2\/media?parent=8023"}],"curies":[{"name":"wp","href":"https:\/\/api.w.org\/{rel}","templated":true}]}}